{"id":30754,"date":"2023-10-22T08:40:46","date_gmt":"2023-10-22T06:40:46","guid":{"rendered":"https:\/\/dhagpo-switzerland.ch\/groupe-de-meditation-berne\/"},"modified":"2025-12-05T12:01:49","modified_gmt":"2025-12-05T11:01:49","slug":"groupe-de-meditation-zurich","status":"publish","type":"page","link":"https:\/\/dhagpo-switzerland.ch\/fr\/groupe-de-meditation-zurich\/","title":{"rendered":"Dhagpo Z\u00fcrich"},"content":{"rendered":"<p>[et_pb_section fb_built=\u00a0\u00bb1&Prime; _builder_version=\u00a0\u00bb4.21.0&Prime; _module_preset=\u00a0\u00bbdefault\u00a0\u00bb custom_padding=\u00a0\u00bb||0px|||\u00a0\u00bb global_colors_info=\u00a0\u00bb{}\u00a0\u00bb][et_pb_row _builder_version=\u00a0\u00bb4.27.4&Prime; _module_preset=\u00a0\u00bbdefault\u00a0\u00bb min_height=\u00a0\u00bb0px\u00a0\u00bb custom_margin_tablet=\u00a0\u00bb\u00a0\u00bb custom_margin_phone=\u00a0\u00bb34px||||false|true\u00a0\u00bb custom_margin_last_edited=\u00a0\u00bbon|phone\u00a0\u00bb global_colors_info=\u00a0\u00bb{}\u00a0\u00bb][et_pb_column type=\u00a0\u00bb4_4&Prime; _builder_version=\u00a0\u00bb4.21.0&Prime; _module_preset=\u00a0\u00bbdefault\u00a0\u00bb global_colors_info=\u00a0\u00bb{}\u00a0\u00bb][et_pb_text _builder_version=\u00a0\u00bb4.27.4&Prime; _module_preset=\u00a0\u00bb6e9e1231-e426-41cb-a1d7-fb4d471b963c\u00a0\u00bb global_colors_info=\u00a0\u00bb{}\u00a0\u00bb]<\/p>\n<h2>Dhagpo Z\u00fcrich<\/h2>\n<p>[\/et_pb_text][\/et_pb_column][\/et_pb_row][et_pb_row _builder_version=\u00a0\u00bb4.27.4&Prime; _module_preset=\u00a0\u00bbdefault\u00a0\u00bb min_height=\u00a0\u00bb0px\u00a0\u00bb custom_margin=\u00a0\u00bb-40px|auto||auto||\u00a0\u00bb global_colors_info=\u00a0\u00bb{}\u00a0\u00bb][et_pb_column type=\u00a0\u00bb4_4&Prime; _builder_version=\u00a0\u00bb4.21.0&Prime; _module_preset=\u00a0\u00bbdefault\u00a0\u00bb global_colors_info=\u00a0\u00bb{}\u00a0\u00bb][et_pb_divider _builder_version=\u00a0\u00bb4.21.0&Prime; _module_preset=\u00a0\u00bbdefault\u00a0\u00bb global_colors_info=\u00a0\u00bb{}\u00a0\u00bb][\/et_pb_divider][\/et_pb_column][\/et_pb_row][\/et_pb_section][et_pb_section fb_built=\u00a0\u00bb1&Prime; _builder_version=\u00a0\u00bb4.21.0&Prime; _module_preset=\u00a0\u00bbdefault\u00a0\u00bb width=\u00a0\u00bb100%\u00a0\u00bb global_colors_info=\u00a0\u00bb{}\u00a0\u00bb][et_pb_row column_structure=\u00a0\u00bb1_4,3_4&Prime; _builder_version=\u00a0\u00bb4.27.4&Prime; _module_preset=\u00a0\u00bbdefault\u00a0\u00bb min_height=\u00a0\u00bb0px\u00a0\u00bb custom_margin=\u00a0\u00bb-80px|auto|68px|auto|false|false\u00a0\u00bb custom_margin_tablet=\u00a0\u00bb-68px|auto|-17px|auto|false|false\u00a0\u00bb custom_margin_phone=\u00a0\u00bb-56px|auto|-77px|auto|false|false\u00a0\u00bb custom_margin_last_edited=\u00a0\u00bbon|phone\u00a0\u00bb global_colors_info=\u00a0\u00bb{}\u00a0\u00bb][et_pb_column type=\u00a0\u00bb1_4&Prime; _builder_version=\u00a0\u00bb4.21.0&Prime; _module_preset=\u00a0\u00bbdefault\u00a0\u00bb global_colors_info=\u00a0\u00bb{}\u00a0\u00bb][et_pb_image src=\u00a0\u00bbhttps:\/\/dhagpo-switzerland.ch\/wp-content\/uploads\/2025\/10\/logo_dhagpo_zuerich_red-300&#215;196.jpg\u00a0\u00bb title_text=\u00a0\u00bblogo_dhagpo_zuerich_red\u00a0\u00bb _builder_version=\u00a0\u00bb4.27.4&Prime; _module_preset=\u00a0\u00bbdefault\u00a0\u00bb custom_margin_tablet=\u00a0\u00bb15px||||false|false\u00a0\u00bb custom_margin_phone=\u00a0\u00bb40px||||false|false\u00a0\u00bb custom_margin_last_edited=\u00a0\u00bbon|tablet\u00a0\u00bb global_colors_info=\u00a0\u00bb{}\u00a0\u00bb][\/et_pb_image][\/et_pb_column][et_pb_column type=\u00a0\u00bb3_4&Prime; _builder_version=\u00a0\u00bb4.21.0&Prime; _module_preset=\u00a0\u00bbdefault\u00a0\u00bb global_colors_info=\u00a0\u00bb{}\u00a0\u00bb][et_pb_text _builder_version=\u00a0\u00bb4.27.4&Prime; _module_preset=\u00a0\u00bbdefault\u00a0\u00bb custom_padding=\u00a0\u00bb|||0px|false|false\u00a0\u00bb global_colors_info=\u00a0\u00bb{}\u00a0\u00bb]<\/p>\n<p><span style=\"box-sizing: border-box;\" data-olk-copy-source=\"MessageBody\">Le groupe de m\u00e9ditation a \u00e9t\u00e9 initi\u00e9 en mai 2023 par Fabienne Brigger, une \u00e9l\u00e8ve de longue date de Lama Irene, dans les locaux du \u00abPraxis f\u00fcr Psychische Gesundheit\u00bb. En septembre 2023, Nedo Rinpoch\u00e9 a b\u00e9ni les locaux en compagnie de ses moines, Tsultim Namdak (Shengzhen) et Lama Ir\u00e8ne. Jigm\u00e9 Rinpoch\u00e9 leur a rendu visite en 2024 et 2025.  <\/span><\/p>\n<p>[\/et_pb_text][\/et_pb_column][\/et_pb_row][et_pb_row _builder_version=\u00a0\u00bb4.27.4&Prime; _module_preset=\u00a0\u00bbdefault\u00a0\u00bb min_height=\u00a0\u00bb0px\u00a0\u00bb custom_margin_tablet=\u00a0\u00bb-16px||-16px||false|false\u00a0\u00bb custom_margin_phone=\u00a0\u00bb-16px||-16px||false|false\u00a0\u00bb custom_margin_last_edited=\u00a0\u00bbon|tablet\u00a0\u00bb custom_padding=\u00a0\u00bb30px|||||\u00a0\u00bb global_colors_info=\u00a0\u00bb{}\u00a0\u00bb][et_pb_column type=\u00a0\u00bb4_4&Prime; _builder_version=\u00a0\u00bb4.21.0&Prime; _module_preset=\u00a0\u00bbdefault\u00a0\u00bb global_colors_info=\u00a0\u00bb{}\u00a0\u00bb][et_pb_divider _builder_version=\u00a0\u00bb4.24.1&Prime; _module_preset=\u00a0\u00bbdefault\u00a0\u00bb custom_margin=\u00a0\u00bb-73px||0px||false|false\u00a0\u00bb custom_margin_tablet=\u00a0\u00bb7px||12px||false|false\u00a0\u00bb custom_margin_phone=\u00a0\u00bb40px||9px||false|false\u00a0\u00bb custom_margin_last_edited=\u00a0\u00bbon|phone\u00a0\u00bb global_colors_info=\u00a0\u00bb{}\u00a0\u00bb][\/et_pb_divider][et_pb_text _builder_version=\u00a0\u00bb4.27.4&Prime; _module_preset=\u00a0\u00bbdefault\u00a0\u00bb text_font_size=\u00a0\u00bb16px\u00a0\u00bb custom_margin=\u00a0\u00bb1px|auto|6px|auto|false|false\u00a0\u00bb custom_margin_tablet=\u00a0\u00bb1px|auto|-4px|auto|false|false\u00a0\u00bb custom_margin_phone=\u00a0\u00bb1px|auto|-4px|auto|false|false\u00a0\u00bb custom_margin_last_edited=\u00a0\u00bbon|tablet\u00a0\u00bb custom_padding=\u00a0\u00bb||||false|false\u00a0\u00bb border_radii=\u00a0\u00bbon|11px|11px|11px|11px\u00a0\u00bb global_colors_info=\u00a0\u00bb{}\u00a0\u00bb]<\/p>\n<div class=\"et_pb_with_border et_pb_module et_pb_text et_pb_text_2 et_pb_text_align_left et_pb_bg_layout_light\" style=\"text-align: left;\">\n<div class=\"et_pb_text_inner\">\n<p class=\"p1\" style=\"text-align: center;\"><em>\u00ab\u00a0Pratiquez avec soin afin que l&rsquo;essence de l&rsquo;entra\u00eenement de l&rsquo;espirt de Lodjong de compassion et de sagesse peut \u00eatre enracin\u00e9 dans la profondeur de votre propre esprit.\u00a0\u00bb<\/em><span style=\"color: #ab0032; font-family: 'Roboto Slab', Georgia, 'Times New Roman', serif; font-size: 18px;\"><\/span><em><\/em><em><\/em><\/p>\n<p class=\"p1\" style=\"text-align: center;\"><em><\/em><\/p>\n<h4 class=\"p1\" style=\"text-align: center;\"><span style=\"color: #ab0032; font-family: 'Roboto Slab', Georgia, 'Times New Roman', serif; font-size: 18px;\">\u2013 Shamar Rinpoch\u00e9<\/span><span style=\"color: #ab0032; font-family: 'Roboto Slab', Georgia, 'Times New Roman', serif; font-size: 18px;\">\u2013 <\/span> <span style=\"color: #ab0032; font-family: 'Roboto Slab', Georgia, 'Times New Roman', serif; font-size: 18px;\"><\/span><\/h4>\n<\/div>\n<\/div>\n<p>[\/et_pb_text][\/et_pb_column][\/et_pb_row][et_pb_row _builder_version=\u00a0\u00bb4.27.4&Prime; _module_preset=\u00a0\u00bbdefault\u00a0\u00bb min_height=\u00a0\u00bb0px\u00a0\u00bb custom_margin=\u00a0\u00bb-57px|auto||auto|false|false\u00a0\u00bb custom_margin_tablet=\u00a0\u00bb-68px|auto|19px|auto|false|false\u00a0\u00bb custom_margin_phone=\u00a0\u00bb-10px|auto||auto|false|false\u00a0\u00bb custom_margin_last_edited=\u00a0\u00bbon|phone\u00a0\u00bb global_colors_info=\u00a0\u00bb{}\u00a0\u00bb][et_pb_column type=\u00a0\u00bb4_4&Prime; _builder_version=\u00a0\u00bb4.21.0&Prime; _module_preset=\u00a0\u00bbdefault\u00a0\u00bb global_colors_info=\u00a0\u00bb{}\u00a0\u00bb][et_pb_divider _builder_version=\u00a0\u00bb4.27.4&Prime; _module_preset=\u00a0\u00bbdefault\u00a0\u00bb custom_margin=\u00a0\u00bb-4px||||false|false\u00a0\u00bb custom_margin_tablet=\u00a0\u00bb20px||2px||false|false\u00a0\u00bb custom_margin_phone=\u00a0\u00bb12px||||false|false\u00a0\u00bb custom_margin_last_edited=\u00a0\u00bbon|tablet\u00a0\u00bb global_colors_info=\u00a0\u00bb{}\u00a0\u00bb][\/et_pb_divider][\/et_pb_column][\/et_pb_row][et_pb_row column_structure=\u00a0\u00bb3_5,2_5&Prime; _builder_version=\u00a0\u00bb4.24.0&Prime; _module_preset=\u00a0\u00bbdefault\u00a0\u00bb custom_margin=\u00a0\u00bb-57px|auto||auto|false|false\u00a0\u00bb custom_margin_tablet=\u00a0\u00bb-68px|auto|19px|auto|false|false\u00a0\u00bb custom_margin_phone=\u00a0\u00bb-10px|auto||auto|false|false\u00a0\u00bb custom_margin_last_edited=\u00a0\u00bbon|phone\u00a0\u00bb global_colors_info=\u00a0\u00bb{}\u00a0\u00bb][et_pb_column type=\u00a0\u00bb3_5&Prime; _builder_version=\u00a0\u00bb4.21.0&Prime; _module_preset=\u00a0\u00bbdefault\u00a0\u00bb global_colors_info=\u00a0\u00bb{}\u00a0\u00bb][et_pb_text _builder_version=\u00a0\u00bb4.27.4&Prime; _module_preset=\u00a0\u00bbdefault\u00a0\u00bb custom_margin_tablet=\u00a0\u00bb\u00a0\u00bb custom_margin_phone=\u00a0\u00bb-9px||||false|false\u00a0\u00bb custom_margin_last_edited=\u00a0\u00bbon|phone\u00a0\u00bb hover_enabled=\u00a0\u00bb0&Prime; global_colors_info=\u00a0\u00bb{}\u00a0\u00bb sticky_enabled=\u00a0\u00bb0&Prime;]<\/p>\n<h4><strong>Activit\u00e9s r\u00e9guli\u00e8res<\/strong><\/h4>\n<p>Th\u00e8me: Lodjong<\/p>\n<p><strong>Site:<\/strong> Praxis f\u00fcr psychische Gesundheit, Fabienne Brigger, Schoffelgasse 7, 8001 Z\u00fcrich, 4. OG, Lift.<\/p>\n<p><strong>Tarifs:<\/strong> Sur la base d&rsquo;un don volontaire (Dana) selon la tradition bouddhiste<\/p>\n<p><strong>Dates:<\/strong><br \/>Jeudi, 16.10.2025, 19.00 jusqu&rsquo;\u00e0. 20.30 (Arriv\u00e9e \u00e0 partir de 18.30) &#8211; avec Lama Irene<br \/>Jeudi, 27.11.2025, 19.00 jusqu&rsquo;\u00e0. 20.30 (Arriv\u00e9e \u00e0 partir de 18.30) &#8211; avec Lama Irene<br \/>Jeudi, 29.01.2026, 19.00 jusqu&rsquo;\u00e0. 20.30 (Arriv\u00e9e \u00e0 partir de 18.30) &#8211; avec Lama Irene<br \/>Jeudi, 26.02.2026, 19.00 jusqu&rsquo;\u00e0. 20.30 (Arriv\u00e9e \u00e0 partir de 18.30) &#8211; avec Diane, Satoshi et Fabienne Brigger<br \/>Jeudi, 26.03.2026, 19.00 jusqu&rsquo;\u00e0. 20.30 (Arriv\u00e9e \u00e0 partir de 18.30) &#8211; avec Diane, Satoshi et Fabienne Brigger<br \/>Jeudi, 16.04.2026, 19.00 jusqu&rsquo;\u00e0. 20.30 (Arriv\u00e9e \u00e0 partir de 18.30) &#8211; avec Lama Irene<br \/>Jeudi, 21.05.2026, 19.00 jusqu&rsquo;\u00e0. 20.30 (Arriv\u00e9e \u00e0 partir de 18.30) &#8211; avec Lama Irene<br \/>Jeudi, 18.06.2026, 19.00 jusqu&rsquo;\u00e0. 20.30 (Arriv\u00e9e \u00e0 partir de 18.30) &#8211; avec Lama Irene<\/p>\n<p><strong>Contact et inscription:<\/strong> Fabienne Brigger <a href=\"mailto:zuerich@dhagpo-switzerland.ch%20\" target=\"_blank\" rel=\"noopener\">zuerich@dhagpo-switzerland.ch <\/a> <\/p>\n<p>[\/et_pb_text][\/et_pb_column][et_pb_column type=\u00a0\u00bb2_5&Prime; _builder_version=\u00a0\u00bb4.21.0&Prime; _module_preset=\u00a0\u00bbdefault\u00a0\u00bb global_colors_info=\u00a0\u00bb{}\u00a0\u00bb][et_pb_image src=\u00a0\u00bbhttps:\/\/dhagpo-switzerland.ch\/wp-content\/uploads\/2025\/01\/Jigme-1024&#215;711.jpeg\u00a0\u00bb title_text=\u00a0\u00bbJigme\u00a0\u00bb _builder_version=\u00a0\u00bb4.27.4&Prime; _module_preset=\u00a0\u00bbdefault\u00a0\u00bb custom_margin_tablet=\u00a0\u00bb\u00a0\u00bb custom_margin_phone=\u00a0\u00bb||12px||false|false\u00a0\u00bb custom_margin_last_edited=\u00a0\u00bbon|phone\u00a0\u00bb global_colors_info=\u00a0\u00bb{}\u00a0\u00bb][\/et_pb_image][\/et_pb_column][\/et_pb_row][et_pb_row _builder_version=\u00a0\u00bb4.21.0&Prime; _module_preset=\u00a0\u00bbdefault\u00a0\u00bb min_height=\u00a0\u00bb18.8px\u00a0\u00bb custom_margin=\u00a0\u00bb-40px|auto||auto||\u00a0\u00bb global_colors_info=\u00a0\u00bb{}\u00a0\u00bb][et_pb_column type=\u00a0\u00bb4_4&Prime; _builder_version=\u00a0\u00bb4.21.0&Prime; _module_preset=\u00a0\u00bbdefault\u00a0\u00bb global_colors_info=\u00a0\u00bb{}\u00a0\u00bb][et_pb_divider _builder_version=\u00a0\u00bb4.21.0&Prime; _module_preset=\u00a0\u00bbdefault\u00a0\u00bb custom_margin=\u00a0\u00bb10px||||false|false\u00a0\u00bb global_colors_info=\u00a0\u00bb{}\u00a0\u00bb][\/et_pb_divider][\/et_pb_column][\/et_pb_row][et_pb_row column_structure=\u00a0\u00bb1_4,3_4&Prime; _builder_version=\u00a0\u00bb4.27.4&Prime; _module_preset=\u00a0\u00bbdefault\u00a0\u00bb min_height=\u00a0\u00bb0px\u00a0\u00bb custom_margin=\u00a0\u00bb-50px||||false|false\u00a0\u00bb global_colors_info=\u00a0\u00bb{}\u00a0\u00bb][et_pb_column type=\u00a0\u00bb1_4&Prime; _builder_version=\u00a0\u00bb4.21.0&Prime; _module_preset=\u00a0\u00bbdefault\u00a0\u00bb global_colors_info=\u00a0\u00bb{}\u00a0\u00bb][et_pb_text content_phone=\u00a0\u00bb<\/p>\n<p>Lectures recommand\u00e9es<\/p>\n<p>\u00a0\u00bb content_last_edited=\u00a0\u00bboff|phone\u00a0\u00bb _builder_version=\u00a0\u00bb4.21.0&Prime; _module_preset=\u00a0\u00bbdefault\u00a0\u00bb global_colors_info=\u00a0\u00bb{}\u00a0\u00bb]<\/p>\n<h4>Lectures recommand\u00e9es<\/h4>\n<p>[\/et_pb_text][\/et_pb_column][et_pb_column type=\u00a0\u00bb3_4&Prime; _builder_version=\u00a0\u00bb4.21.0&Prime; _module_preset=\u00a0\u00bbdefault\u00a0\u00bb global_colors_info=\u00a0\u00bb{}\u00a0\u00bb][et_pb_text _builder_version=\u00a0\u00bb4.21.0&Prime; _module_preset=\u00a0\u00bbdefault\u00a0\u00bb custom_margin=\u00a0\u00bb||18px||false|false\u00a0\u00bb custom_margin_tablet=\u00a0\u00bb||18px||false|false\u00a0\u00bb custom_margin_phone=\u00a0\u00bb-14px||18px||false|false\u00a0\u00bb custom_margin_last_edited=\u00a0\u00bbon|phone\u00a0\u00bb global_colors_info=\u00a0\u00bb{}\u00a0\u00bb]<\/p>\n<p>Lodjong: la voie vers l&rsquo;\u00e9veil de Shamar Rinpoch\u00e9<br \/>Mahamoudra: La voie de la compassion et de la d\u00e9votion de Guendune Rinpoch\u00e9<\/p>\n<p>[\/et_pb_text][\/et_pb_column][\/et_pb_row][\/et_pb_section]<\/p>\n","protected":false},"excerpt":{"rendered":"<p>Dhagpo Z\u00fcrichLe groupe de m\u00e9ditation a \u00e9t\u00e9 initi\u00e9 en mai 2023 par Fabienne Brigger, une \u00e9l\u00e8ve de longue date de Lama Irene, dans les locaux du \u00abPraxis f\u00fcr Psychische Gesundheit\u00bb. En septembre 2023, Nedo Rinpoch\u00e9 a b\u00e9ni les locaux en compagnie de ses moines, Tsultim Namdak (Shengzhen) et Lama Ir\u00e8ne. Jigm\u00e9 Rinpoch\u00e9 leur a rendu [&hellip;]<\/p>\n","protected":false},"author":1,"featured_media":0,"parent":0,"menu_order":0,"comment_status":"closed","ping_status":"closed","template":"","meta":{"_et_pb_use_builder":"on","_et_pb_old_content":"","_et_gb_content_width":"","footnotes":""},"class_list":["post-30754","page","type-page","status-publish","hentry"],"_links":{"self":[{"href":"https:\/\/dhagpo-switzerland.ch\/fr\/wp-json\/wp\/v2\/pages\/30754","targetHints":{"allow":["GET"]}}],"collection":[{"href":"https:\/\/dhagpo-switzerland.ch\/fr\/wp-json\/wp\/v2\/pages"}],"about":[{"href":"https:\/\/dhagpo-switzerland.ch\/fr\/wp-json\/wp\/v2\/types\/page"}],"author":[{"embeddable":true,"href":"https:\/\/dhagpo-switzerland.ch\/fr\/wp-json\/wp\/v2\/users\/1"}],"replies":[{"embeddable":true,"href":"https:\/\/dhagpo-switzerland.ch\/fr\/wp-json\/wp\/v2\/comments?post=30754"}],"version-history":[{"count":131,"href":"https:\/\/dhagpo-switzerland.ch\/fr\/wp-json\/wp\/v2\/pages\/30754\/revisions"}],"predecessor-version":[{"id":37372,"href":"https:\/\/dhagpo-switzerland.ch\/fr\/wp-json\/wp\/v2\/pages\/30754\/revisions\/37372"}],"wp:attachment":[{"href":"https:\/\/dhagpo-switzerland.ch\/fr\/wp-json\/wp\/v2\/media?parent=30754"}],"curies":[{"name":"wp","href":"https:\/\/api.w.org\/{rel}","templated":true}]}}