{"id":30799,"date":"2023-06-08T12:00:43","date_gmt":"2023-06-08T10:00:43","guid":{"rendered":"https:\/\/dhagpo-switzerland.ch\/groupe-de-meditation-buelach\/"},"modified":"2025-07-14T11:34:12","modified_gmt":"2025-07-14T09:34:12","slug":"groupe-de-meditation-buelach","status":"publish","type":"page","link":"https:\/\/dhagpo-switzerland.ch\/fr\/groupe-de-meditation-buelach\/","title":{"rendered":"Groupe de m\u00e9ditation \u00e0 B\u00fclach"},"content":{"rendered":"<p>[et_pb_section fb_built=\u00a0\u00bb1&Prime; _builder_version=\u00a0\u00bb4.21.0&Prime; _module_preset=\u00a0\u00bbdefault\u00a0\u00bb custom_padding=\u00a0\u00bb||0px|||\u00a0\u00bb global_colors_info=\u00a0\u00bb{}\u00a0\u00bb][et_pb_row _builder_version=\u00a0\u00bb4.27.4&Prime; _module_preset=\u00a0\u00bbdefault\u00a0\u00bb min_height=\u00a0\u00bb0px\u00a0\u00bb custom_margin=\u00a0\u00bb0px|auto|59px|auto|false|true\u00a0\u00bb custom_margin_tablet=\u00a0\u00bb0px|auto|59px|auto|false|true\u00a0\u00bb custom_margin_phone=\u00a0\u00bb35px||||false|true\u00a0\u00bb custom_margin_last_edited=\u00a0\u00bbon|phone\u00a0\u00bb global_colors_info=\u00a0\u00bb{}\u00a0\u00bb][et_pb_column type=\u00a0\u00bb4_4&Prime; _builder_version=\u00a0\u00bb4.21.0&Prime; _module_preset=\u00a0\u00bbdefault\u00a0\u00bb global_colors_info=\u00a0\u00bb{}\u00a0\u00bb][et_pb_text _builder_version=\u00a0\u00bb4.21.0&Prime; _module_preset=\u00a0\u00bb6e9e1231-e426-41cb-a1d7-fb4d471b963c\u00a0\u00bb global_colors_info=\u00a0\u00bb{}\u00a0\u00bb]<\/p>\n<h2>Groupe de m\u00e9ditation \u00e0 B\u00fclach<\/h2>\n<p>[\/et_pb_text][\/et_pb_column][\/et_pb_row][et_pb_row _builder_version=\u00a0\u00bb4.27.4&Prime; _module_preset=\u00a0\u00bbdefault\u00a0\u00bb min_height=\u00a0\u00bb0px\u00a0\u00bb custom_margin=\u00a0\u00bb-40px|auto||auto||\u00a0\u00bb global_colors_info=\u00a0\u00bb{}\u00a0\u00bb][et_pb_column type=\u00a0\u00bb4_4&Prime; _builder_version=\u00a0\u00bb4.21.0&Prime; _module_preset=\u00a0\u00bbdefault\u00a0\u00bb global_colors_info=\u00a0\u00bb{}\u00a0\u00bb][et_pb_divider _builder_version=\u00a0\u00bb4.21.0&Prime; _module_preset=\u00a0\u00bbdefault\u00a0\u00bb custom_margin=\u00a0\u00bb-13px||18px||false|false\u00a0\u00bb custom_margin_tablet=\u00a0\u00bb-13px||18px||false|false\u00a0\u00bb custom_margin_phone=\u00a0\u00bb||28px||false|false\u00a0\u00bb custom_margin_last_edited=\u00a0\u00bbon|phone\u00a0\u00bb global_colors_info=\u00a0\u00bb{}\u00a0\u00bb][\/et_pb_divider][\/et_pb_column][\/et_pb_row][\/et_pb_section][et_pb_section fb_built=\u00a0\u00bb1&Prime; _builder_version=\u00a0\u00bb4.21.0&Prime; _module_preset=\u00a0\u00bbdefault\u00a0\u00bb global_colors_info=\u00a0\u00bb{}\u00a0\u00bb][et_pb_row column_structure=\u00a0\u00bb1_3,2_3&Prime; _builder_version=\u00a0\u00bb4.23.4&Prime; _module_preset=\u00a0\u00bbdefault\u00a0\u00bb min_height=\u00a0\u00bb369.9px\u00a0\u00bb custom_margin=\u00a0\u00bb-92px|auto|-78px|auto|false|false\u00a0\u00bb custom_margin_tablet=\u00a0\u00bb-92px|auto|-45px|auto|false|false\u00a0\u00bb custom_margin_phone=\u00a0\u00bb-77px||||false|false\u00a0\u00bb custom_margin_last_edited=\u00a0\u00bbon|phone\u00a0\u00bb custom_padding=\u00a0\u00bb||18px|0px||\u00a0\u00bb global_colors_info=\u00a0\u00bb{}\u00a0\u00bb][et_pb_column type=\u00a0\u00bb1_3&Prime; _builder_version=\u00a0\u00bb4.21.0&Prime; _module_preset=\u00a0\u00bbdefault\u00a0\u00bb global_colors_info=\u00a0\u00bb{}\u00a0\u00bb][et_pb_image src=\u00a0\u00bbhttps:\/\/dhagpo-switzerland.ch\/wp-content\/uploads\/2023\/06\/IMG_05631-235&#215;300.jpg\u00a0\u00bb title_text=\u00a0\u00bbIMG_0563(1)\u00a0\u00bb _builder_version=\u00a0\u00bb4.27.4&Prime; _module_preset=\u00a0\u00bbdefault\u00a0\u00bb custom_margin=\u00a0\u00bb-20px||||false|false\u00a0\u00bb custom_margin_tablet=\u00a0\u00bb20px||||false|false\u00a0\u00bb custom_margin_phone=\u00a0\u00bb60px||||false|false\u00a0\u00bb custom_margin_last_edited=\u00a0\u00bbon|tablet\u00a0\u00bb global_colors_info=\u00a0\u00bb{}\u00a0\u00bb][\/et_pb_image][\/et_pb_column][et_pb_column type=\u00a0\u00bb2_3&Prime; _builder_version=\u00a0\u00bb4.21.0&Prime; _module_preset=\u00a0\u00bbdefault\u00a0\u00bb global_colors_info=\u00a0\u00bb{}\u00a0\u00bb][et_pb_text _builder_version=\u00a0\u00bb4.23&Prime; _module_preset=\u00a0\u00bbdefault\u00a0\u00bb custom_margin=\u00a0\u00bb-20px|||auto|false|false\u00a0\u00bb global_colors_info=\u00a0\u00bb{}\u00a0\u00bb]<\/p>\n<p>Ce groupe de m\u00e9ditation a \u00e9t\u00e9 constitu\u00e9 en 1997\/98 par Susi Heusser et Ruth Hebeisen, en collaboration avec Lama Irene.<\/p>\n<p>Actuellement, nous sommes un petit groupe de pratiquants et commen\u00e7ons la soir\u00e9e par une courte m\u00e9ditation. Depuis septembre 2023, nous lisons le livre de Lama Jigm\u00e9 Rinpoch\u00e9 \u00ab\u00a0Manuel des h\u00e9ros ordinaires\u00a0\u00bb et nous \u00e9changeons \u00e0 ce sujet. Nous terminons la soir\u00e9e par une courte pratique de Tchenr\u00e9zi.<\/p>\n<p>[\/et_pb_text][\/et_pb_column][\/et_pb_row][et_pb_row _builder_version=\u00a0\u00bb4.21.0&Prime; _module_preset=\u00a0\u00bbdefault\u00a0\u00bb min_height=\u00a0\u00bb144.6px\u00a0\u00bb custom_padding=\u00a0\u00bb||34px|||\u00a0\u00bb global_colors_info=\u00a0\u00bb{}\u00a0\u00bb][et_pb_column type=\u00a0\u00bb4_4&Prime; _builder_version=\u00a0\u00bb4.21.0&Prime; _module_preset=\u00a0\u00bbdefault\u00a0\u00bb global_colors_info=\u00a0\u00bb{}\u00a0\u00bb][et_pb_divider _builder_version=\u00a0\u00bb4.21.0&Prime; _module_preset=\u00a0\u00bbdefault\u00a0\u00bb custom_margin=\u00a0\u00bb11px||||false|false\u00a0\u00bb custom_margin_tablet=\u00a0\u00bb\u00a0\u00bb custom_margin_phone=\u00a0\u00bb\u00a0\u00bb custom_margin_last_edited=\u00a0\u00bbon|desktop\u00a0\u00bb custom_padding=\u00a0\u00bb|||0px||\u00a0\u00bb global_colors_info=\u00a0\u00bb{}\u00a0\u00bb][\/et_pb_divider][et_pb_text _builder_version=\u00a0\u00bb4.23.4&Prime; _module_preset=\u00a0\u00bbdefault\u00a0\u00bb text_font_size=\u00a0\u00bb16px\u00a0\u00bb custom_margin=\u00a0\u00bb-16px||||false|false\u00a0\u00bb custom_margin_tablet=\u00a0\u00bb\u00a0\u00bb custom_margin_phone=\u00a0\u00bb-22px||||false|false\u00a0\u00bb custom_margin_last_edited=\u00a0\u00bbon|phone\u00a0\u00bb global_colors_info=\u00a0\u00bb{}\u00a0\u00bb]<\/p>\n<div class=\"et_pb_with_border et_pb_module et_pb_text et_pb_text_2 et_pb_text_align_left et_pb_bg_layout_light\">\n<div class=\"et_pb_text_inner\">\n<p class=\"p1\" style=\"text-align: center;\"><em>\u00abAyez l&rsquo;esprit flexible<\/em><em>.\u00bb<\/em><span style=\"color: #ab0032; font-family: 'Roboto Slab', Georgia, 'Times New Roman', serif; font-size: 18px;\"><\/span><em><\/em><\/p>\n<p class=\"p1\" style=\"text-align: center;\"><em><\/em><\/p>\n<h4 class=\"p1\" style=\"text-align: center;\"><span style=\"color: #ab0032; font-family: 'Roboto Slab', Georgia, 'Times New Roman', serif; font-size: 18px;\">\u2013 Shamar Rinpoch\u00e9<\/span><span style=\"color: #ab0032; font-family: 'Roboto Slab', Georgia, 'Times New Roman', serif; font-size: 18px;\">\u2013 <\/span> <span style=\"color: #ab0032; font-family: 'Roboto Slab', Georgia, 'Times New Roman', serif; font-size: 18px;\"><\/span><\/h4>\n<\/div>\n<\/div>\n<p>[\/et_pb_text][\/et_pb_column][\/et_pb_row][et_pb_row _builder_version=\u00a0\u00bb4.21.0&Prime; _module_preset=\u00a0\u00bbdefault\u00a0\u00bb min_height=\u00a0\u00bb89.8px\u00a0\u00bb custom_margin=\u00a0\u00bb-37px|auto||auto||\u00a0\u00bb custom_padding=\u00a0\u00bb||1px|||\u00a0\u00bb global_colors_info=\u00a0\u00bb{}\u00a0\u00bb][et_pb_column type=\u00a0\u00bb4_4&Prime; _builder_version=\u00a0\u00bb4.21.0&Prime; _module_preset=\u00a0\u00bbdefault\u00a0\u00bb global_colors_info=\u00a0\u00bb{}\u00a0\u00bb][et_pb_divider _builder_version=\u00a0\u00bb4.21.0&Prime; _module_preset=\u00a0\u00bbdefault\u00a0\u00bb custom_margin=\u00a0\u00bb||30px|||\u00a0\u00bb global_colors_info=\u00a0\u00bb{}\u00a0\u00bb][\/et_pb_divider][\/et_pb_column][\/et_pb_row][et_pb_row column_structure=\u00a0\u00bb1_2,1_2&Prime; _builder_version=\u00a0\u00bb4.21.0&Prime; _module_preset=\u00a0\u00bbdefault\u00a0\u00bb custom_margin=\u00a0\u00bb-30px|auto||auto||\u00a0\u00bb global_colors_info=\u00a0\u00bb{}\u00a0\u00bb][et_pb_column type=\u00a0\u00bb1_2&Prime; _builder_version=\u00a0\u00bb4.21.0&Prime; _module_preset=\u00a0\u00bbdefault\u00a0\u00bb global_colors_info=\u00a0\u00bb{}\u00a0\u00bb][et_pb_text _builder_version=\u00a0\u00bb4.27.4&Prime; _module_preset=\u00a0\u00bbdefault\u00a0\u00bb custom_margin=\u00a0\u00bb-25px||||false|false\u00a0\u00bb hover_enabled=\u00a0\u00bb0&Prime; global_colors_info=\u00a0\u00bb{}\u00a0\u00bb sticky_enabled=\u00a0\u00bb0&Prime;]<\/p>\n<p><strong>O\u00f9:<\/strong> Chez Familie Gugerli, S<span style=\"font-family: Verdana,sans-serif;\">olistr. 2<\/span>, CH-8180 B\u00fclach<br \/><strong>Quand <\/strong>En g\u00e9n\u00e9ral, le premier mardi du mois, 19h30-21h00<br \/><strong>Contact: S&rsquo;inscrire aupr\u00e8s de Ruth Hebeisen!<\/strong><a href=\"mailto:ruth.hebeisen@bluewin.ch\" target=\"_blank\" rel=\"noopener\"> ruth.hebeisen@bluewin.ch<\/a><br \/><strong>Anleitung:<\/strong> Ruth Hebeisen et Barbara Gugerli se relaient.<\/p>\n<p>[\/et_pb_text][\/et_pb_column][et_pb_column type=\u00a0\u00bb1_2&Prime; _builder_version=\u00a0\u00bb4.21.0&Prime; _module_preset=\u00a0\u00bbdefault\u00a0\u00bb global_colors_info=\u00a0\u00bb{}\u00a0\u00bb][et_pb_image src=\u00a0\u00bbhttps:\/\/dhagpo-switzerland.ch\/wp-content\/uploads\/2023\/06\/Barbara-und-Ruth.jpg\u00a0\u00bb title_text=\u00a0\u00bbBarbara et Ruth(1)\u00a0\u00bb _builder_version=\u00a0\u00bb4.21.0&Prime; _module_preset=\u00a0\u00bbdefault\u00a0\u00bb custom_margin=\u00a0\u00bb-25px||||false|false\u00a0\u00bb global_colors_info=\u00a0\u00bb{}\u00a0\u00bb][\/et_pb_image][et_pb_text _builder_version=\u00a0\u00bb4.27.4&Prime; _module_preset=\u00a0\u00bbdefault\u00a0\u00bb custom_margin=\u00a0\u00bb-28px|||||\u00a0\u00bb custom_margin_tablet=\u00a0\u00bb-18px||||false|false\u00a0\u00bb custom_margin_phone=\u00a0\u00bb-16px||||false|false\u00a0\u00bb custom_margin_last_edited=\u00a0\u00bbon|tablet\u00a0\u00bb global_colors_info=\u00a0\u00bb{}\u00a0\u00bb]<\/p>\n<p><em>Barbara Gugerli et Ruth Hebeisen<\/em><\/p>\n<p>Nous sommes impatients de vous rencontrer et de partager avec vous la voie du dharma qui m\u00e8ne \u00e0 la lib\u00e9ration et la compassion universelle.<\/p>\n<p>[\/et_pb_text][\/et_pb_column][\/et_pb_row][et_pb_row _builder_version=\u00a0\u00bb4.21.0&Prime; _module_preset=\u00a0\u00bbdefault\u00a0\u00bb min_height=\u00a0\u00bb18.8px\u00a0\u00bb custom_margin=\u00a0\u00bb-40px|auto||auto||\u00a0\u00bb global_colors_info=\u00a0\u00bb{}\u00a0\u00bb][et_pb_column type=\u00a0\u00bb4_4&Prime; _builder_version=\u00a0\u00bb4.21.0&Prime; _module_preset=\u00a0\u00bbdefault\u00a0\u00bb global_colors_info=\u00a0\u00bb{}\u00a0\u00bb][et_pb_divider _builder_version=\u00a0\u00bb4.27.4&Prime; _module_preset=\u00a0\u00bbdefault\u00a0\u00bb custom_margin=\u00a0\u00bb11px||5px||false|false\u00a0\u00bb global_colors_info=\u00a0\u00bb{}\u00a0\u00bb][\/et_pb_divider][\/et_pb_column][\/et_pb_row][et_pb_row column_structure=\u00a0\u00bb1_4,3_4&Prime; _builder_version=\u00a0\u00bb4.27.4&Prime; _module_preset=\u00a0\u00bbdefault\u00a0\u00bb min_height=\u00a0\u00bb0px\u00a0\u00bb custom_margin=\u00a0\u00bb-50px||||false|false\u00a0\u00bb global_colors_info=\u00a0\u00bb{}\u00a0\u00bb][et_pb_column type=\u00a0\u00bb1_4&Prime; _builder_version=\u00a0\u00bb4.21.0&Prime; _module_preset=\u00a0\u00bbdefault\u00a0\u00bb global_colors_info=\u00a0\u00bb{}\u00a0\u00bb][et_pb_text content_phone=\u00a0\u00bb<\/p>\n<p>Lectures recommand\u00e9es<\/p>\n<p>\u00a0\u00bb content_last_edited=\u00a0\u00bboff|phone\u00a0\u00bb _builder_version=\u00a0\u00bb4.27.4&Prime; _module_preset=\u00a0\u00bbdefault\u00a0\u00bb custom_margin=\u00a0\u00bb-17px||35px||false|false\u00a0\u00bb global_colors_info=\u00a0\u00bb{}\u00a0\u00bb]<\/p>\n<h4>Lectures recommand\u00e9es<\/h4>\n<p>[\/et_pb_text][\/et_pb_column][et_pb_column type=\u00a0\u00bb3_4&Prime; _builder_version=\u00a0\u00bb4.21.0&Prime; _module_preset=\u00a0\u00bbdefault\u00a0\u00bb global_colors_info=\u00a0\u00bb{}\u00a0\u00bb][et_pb_text _builder_version=\u00a0\u00bb4.21.0&Prime; _module_preset=\u00a0\u00bbdefault\u00a0\u00bb custom_margin=\u00a0\u00bb-16px||18px||false|false\u00a0\u00bb global_colors_info=\u00a0\u00bb{}\u00a0\u00bb]<\/p>\n<p>Un chemin de pratique de Shamar Rinpoch\u00e9<\/p>\n<p>Manuel des H\u00e9ros ordinaires de Lama Jigm\u00e9 Rinpoch\u00e9<\/p>\n<p>[\/et_pb_text][\/et_pb_column][\/et_pb_row][\/et_pb_section]<\/p>\n","protected":false},"excerpt":{"rendered":"<p>Groupe de m\u00e9ditation \u00e0 B\u00fclachCe groupe de m\u00e9ditation a \u00e9t\u00e9 constitu\u00e9 en 1997\/98 par Susi Heusser et Ruth Hebeisen, en collaboration avec Lama Irene. Actuellement, nous sommes un petit groupe de pratiquants et commen\u00e7ons la soir\u00e9e par une courte m\u00e9ditation. Depuis septembre 2023, nous lisons le livre de Lama Jigm\u00e9 Rinpoch\u00e9 \u00ab\u00a0Manuel des h\u00e9ros ordinaires\u00a0\u00bb [&hellip;]<\/p>\n","protected":false},"author":1,"featured_media":0,"parent":0,"menu_order":0,"comment_status":"closed","ping_status":"closed","template":"","meta":{"_et_pb_use_builder":"on","_et_pb_old_content":"","_et_gb_content_width":"","footnotes":""},"class_list":["post-30799","page","type-page","status-publish","hentry"],"_links":{"self":[{"href":"https:\/\/dhagpo-switzerland.ch\/fr\/wp-json\/wp\/v2\/pages\/30799","targetHints":{"allow":["GET"]}}],"collection":[{"href":"https:\/\/dhagpo-switzerland.ch\/fr\/wp-json\/wp\/v2\/pages"}],"about":[{"href":"https:\/\/dhagpo-switzerland.ch\/fr\/wp-json\/wp\/v2\/types\/page"}],"author":[{"embeddable":true,"href":"https:\/\/dhagpo-switzerland.ch\/fr\/wp-json\/wp\/v2\/users\/1"}],"replies":[{"embeddable":true,"href":"https:\/\/dhagpo-switzerland.ch\/fr\/wp-json\/wp\/v2\/comments?post=30799"}],"version-history":[{"count":81,"href":"https:\/\/dhagpo-switzerland.ch\/fr\/wp-json\/wp\/v2\/pages\/30799\/revisions"}],"predecessor-version":[{"id":36501,"href":"https:\/\/dhagpo-switzerland.ch\/fr\/wp-json\/wp\/v2\/pages\/30799\/revisions\/36501"}],"wp:attachment":[{"href":"https:\/\/dhagpo-switzerland.ch\/fr\/wp-json\/wp\/v2\/media?parent=30799"}],"curies":[{"name":"wp","href":"https:\/\/api.w.org\/{rel}","templated":true}]}}